{"id":10176,"date":"2020-02-24T13:15:27","date_gmt":"2020-02-24T12:15:27","guid":{"rendered":"https:\/\/www.delettresenlettres.ch\/?page_id=10176"},"modified":"2024-02-26T14:14:24","modified_gmt":"2024-02-26T13:14:24","slug":"wer-bin-ich","status":"publish","type":"page","link":"https:\/\/ouvragelumineux.ch\/de\/wer-bin-ich\/","title":{"rendered":"Wer bin ich ?"},"content":{"rendered":"<div class=\"wp-block-image\">\n<figure class=\"alignleft size-large is-resized\"><a href=\"https:\/\/ouvragelumineux.ch\/wp-content\/uploads\/2024\/02\/catherine_ouvrage-lumineux-557x1024.jpg\"><img fetchpriority=\"high\" decoding=\"async\" width=\"557\" height=\"1024\" src=\"https:\/\/ouvragelumineux.ch\/wp-content\/uploads\/2024\/02\/catherine_ouvrage-lumineux-557x1024.jpg\" alt=\"Catherine\" class=\"wp-image-171179\" style=\"width:217px;height:auto\" srcset=\"https:\/\/ouvragelumineux.ch\/wp-content\/uploads\/2024\/02\/catherine_ouvrage-lumineux-557x1024.jpg 557w, https:\/\/ouvragelumineux.ch\/wp-content\/uploads\/2024\/02\/catherine_ouvrage-lumineux-163x300.jpg 163w, https:\/\/ouvragelumineux.ch\/wp-content\/uploads\/2024\/02\/catherine_ouvrage-lumineux-600x1103.jpg 600w, https:\/\/ouvragelumineux.ch\/wp-content\/uploads\/2024\/02\/catherine_ouvrage-lumineux-64x118.jpg 64w, https:\/\/ouvragelumineux.ch\/wp-content\/uploads\/2024\/02\/catherine_ouvrage-lumineux.jpg 696w\" sizes=\"(max-width: 557px) 100vw, 557px\" \/><\/a><\/figure><\/div>\n<p>Willkommen!<\/p>\n\n<p>Textilien liebe ich seit langer Zeit. Schon als Kind habe ich mit meiner Mama gen\u00e4ht. Ich habe damals auch stricken und h\u00e4keln gelernt.&#13;\n<\/p>\n\n<p>Nach der Teenieszeit war ich weniger am Handarbeiten. Sp\u00e4ter wurde ich Mama und habe das kreative wiederentdeckt und weiterentwickelt.&#13;\n<\/p>\n\n<p>Ich traf Ana\u00efs, die Gr\u00fcnderin von De Lettres en lettres, als unsere T\u00f6chter zusammen gespielt haben.  Ziemlich schnell habe ich angefangen f\u00fcr Anais zu arbeiten. <\/p>\n\n<p>Dann hat die Firma den Namen gewechselt und wurde Ouvrage Lumineux.&#13;\n<\/p>\n\n<p>In der Zwischenzeit bin ich am Ruder der Firma.<\/p>\n\n<p>Ich m\u00f6chte Ihnen n\u00fctzliche Dinge f\u00fcr den Alltag anbieten, zum Teil \u201eZero Waste\u201c, aber nicht nur.<\/p>\n\n<p> <\/p>\n\n<p>Vielen Dank, dass Sie mir auf diesem Abenteuer folgen!<\/p>\n\n<p>Catherine<\/p>\n","protected":false},"excerpt":{"rendered":"<p>Willkommen! Textilien liebe ich seit langer Zeit. Schon als Kind habe ich mit meiner Mama gen\u00e4ht. Ich habe damals auch stricken und h\u00e4keln gelernt.&#13; Nach der Teenieszeit war ich weniger am Handarbeiten. Sp\u00e4ter wurde ich Mama und habe das kreative wiederentdeckt und weiterentwickelt.&#13; Ich traf Ana\u00efs, die Gr\u00fcnderin von De Lettres en lettres, als unsere [&hellip;]<\/p>\n","protected":false},"author":1,"featured_media":0,"parent":0,"menu_order":3,"comment_status":"closed","ping_status":"closed","template":"","meta":{"_acf_changed":false,"_exactmetrics_skip_tracking":false,"_exactmetrics_sitenote_active":false,"_exactmetrics_sitenote_note":"","_exactmetrics_sitenote_category":0,"footnotes":""},"class_list":["post-10176","page","type-page","status-publish","hentry"],"acf":[],"yoast_head":"<!-- This site is optimized with the Yoast SEO plugin v22.3 - https:\/\/yoast.com\/wordpress\/plugins\/seo\/ -->\n<title>Wer bin ich ? - Ouvrage Lumineux<\/title>\n<meta name=\"robots\" content=\"index, follow, max-snippet:-1, max-image-preview:large, max-video-preview:-1\" \/>\n<link rel=\"canonical\" href=\"https:\/\/ouvragelumineux.ch\/de\/wer-bin-ich\/\" \/>\n<meta property=\"og:locale\" content=\"de_DE\" \/>\n<meta property=\"og:type\" content=\"article\" \/>\n<meta property=\"og:title\" content=\"Wer bin ich ? - Ouvrage Lumineux\" \/>\n<meta property=\"og:description\" content=\"Willkommen! Textilien liebe ich seit langer Zeit. Schon als Kind habe ich mit meiner Mama gen\u00e4ht. Ich habe damals auch stricken und h\u00e4keln gelernt.&#013; Nach der Teenieszeit war ich weniger am Handarbeiten. Sp\u00e4ter wurde ich Mama und habe das kreative wiederentdeckt und weiterentwickelt.&#013; Ich traf Ana\u00efs, die Gr\u00fcnderin von De Lettres en lettres, als unsere [&hellip;]\" \/>\n<meta property=\"og:url\" content=\"https:\/\/ouvragelumineux.ch\/de\/wer-bin-ich\/\" \/>\n<meta property=\"og:site_name\" content=\"Ouvrage Lumineux\" \/>\n<meta property=\"article:modified_time\" content=\"2024-02-26T13:14:24+00:00\" \/>\n<meta property=\"og:image\" content=\"https:\/\/ouvragelumineux.ch\/wp-content\/uploads\/2024\/02\/catherine_ouvrage-lumineux-557x1024.jpg\" \/>\n<meta name=\"twitter:card\" content=\"summary_large_image\" \/>\n<meta name=\"twitter:label1\" content=\"Gesch\u00e4tzte Lesezeit\" \/>\n\t<meta name=\"twitter:data1\" content=\"1 Minute\" \/>\n<script type=\"application\/ld+json\" class=\"yoast-schema-graph\">{\"@context\":\"https:\/\/schema.org\",\"@graph\":[{\"@type\":\"WebPage\",\"@id\":\"https:\/\/ouvragelumineux.ch\/de\/wer-bin-ich\/\",\"url\":\"https:\/\/ouvragelumineux.ch\/de\/wer-bin-ich\/\",\"name\":\"Wer bin ich ? - Ouvrage Lumineux\",\"isPartOf\":{\"@id\":\"https:\/\/ouvragelumineux.ch\/de\/#website\"},\"primaryImageOfPage\":{\"@id\":\"https:\/\/ouvragelumineux.ch\/de\/wer-bin-ich\/#primaryimage\"},\"image\":{\"@id\":\"https:\/\/ouvragelumineux.ch\/de\/wer-bin-ich\/#primaryimage\"},\"thumbnailUrl\":\"https:\/\/ouvragelumineux.ch\/wp-content\/uploads\/2024\/02\/catherine_ouvrage-lumineux-557x1024.jpg\",\"datePublished\":\"2020-02-24T12:15:27+00:00\",\"dateModified\":\"2024-02-26T13:14:24+00:00\",\"breadcrumb\":{\"@id\":\"https:\/\/ouvragelumineux.ch\/de\/wer-bin-ich\/#breadcrumb\"},\"inLanguage\":\"de\",\"potentialAction\":[{\"@type\":\"ReadAction\",\"target\":[\"https:\/\/ouvragelumineux.ch\/de\/wer-bin-ich\/\"]}]},{\"@type\":\"ImageObject\",\"inLanguage\":\"de\",\"@id\":\"https:\/\/ouvragelumineux.ch\/de\/wer-bin-ich\/#primaryimage\",\"url\":\"https:\/\/ouvragelumineux.ch\/wp-content\/uploads\/2024\/02\/catherine_ouvrage-lumineux.jpg\",\"contentUrl\":\"https:\/\/ouvragelumineux.ch\/wp-content\/uploads\/2024\/02\/catherine_ouvrage-lumineux.jpg\",\"width\":696,\"height\":1280,\"caption\":\"Catherine\"},{\"@type\":\"BreadcrumbList\",\"@id\":\"https:\/\/ouvragelumineux.ch\/de\/wer-bin-ich\/#breadcrumb\",\"itemListElement\":[{\"@type\":\"ListItem\",\"position\":1,\"name\":\"Accueil\",\"item\":\"https:\/\/ouvragelumineux.ch\/de\/\"},{\"@type\":\"ListItem\",\"position\":2,\"name\":\"Wer bin ich ?\"}]},{\"@type\":\"WebSite\",\"@id\":\"https:\/\/ouvragelumineux.ch\/de\/#website\",\"url\":\"https:\/\/ouvragelumineux.ch\/de\/\",\"name\":\"Ouvrage Lumineux\",\"description\":\"Boutique de cr\u00e9atrices et couture z\u00e9ro d\u00e9chet\",\"publisher\":{\"@id\":\"https:\/\/ouvragelumineux.ch\/de\/#organization\"},\"potentialAction\":[{\"@type\":\"SearchAction\",\"target\":{\"@type\":\"EntryPoint\",\"urlTemplate\":\"https:\/\/ouvragelumineux.ch\/de\/?s={search_term_string}\"},\"query-input\":\"required name=search_term_string\"}],\"inLanguage\":\"de\"},{\"@type\":\"Organization\",\"@id\":\"https:\/\/ouvragelumineux.ch\/de\/#organization\",\"name\":\"De lettres en lettres\",\"url\":\"https:\/\/ouvragelumineux.ch\/de\/\",\"logo\":{\"@type\":\"ImageObject\",\"inLanguage\":\"de\",\"@id\":\"https:\/\/ouvragelumineux.ch\/de\/#\/schema\/logo\/image\/\",\"url\":\"https:\/\/ouvragelumineux.ch\/wp-content\/uploads\/2018\/11\/logo_de_lettres_en_lettres.png\",\"contentUrl\":\"https:\/\/ouvragelumineux.ch\/wp-content\/uploads\/2018\/11\/logo_de_lettres_en_lettres.png\",\"width\":482,\"height\":482,\"caption\":\"De lettres en lettres\"},\"image\":{\"@id\":\"https:\/\/ouvragelumineux.ch\/de\/#\/schema\/logo\/image\/\"}}]}<\/script>\n<!-- \/ Yoast SEO plugin. -->","yoast_head_json":{"title":"Wer bin ich ? - Ouvrage Lumineux","robots":{"index":"index","follow":"follow","max-snippet":"max-snippet:-1","max-image-preview":"max-image-preview:large","max-video-preview":"max-video-preview:-1"},"canonical":"https:\/\/ouvragelumineux.ch\/de\/wer-bin-ich\/","og_locale":"de_DE","og_type":"article","og_title":"Wer bin ich ? - Ouvrage Lumineux","og_description":"Willkommen! Textilien liebe ich seit langer Zeit. Schon als Kind habe ich mit meiner Mama gen\u00e4ht. Ich habe damals auch stricken und h\u00e4keln gelernt.&#13; Nach der Teenieszeit war ich weniger am Handarbeiten. Sp\u00e4ter wurde ich Mama und habe das kreative wiederentdeckt und weiterentwickelt.&#13; Ich traf Ana\u00efs, die Gr\u00fcnderin von De Lettres en lettres, als unsere [&hellip;]","og_url":"https:\/\/ouvragelumineux.ch\/de\/wer-bin-ich\/","og_site_name":"Ouvrage Lumineux","article_modified_time":"2024-02-26T13:14:24+00:00","og_image":[{"url":"https:\/\/ouvragelumineux.ch\/wp-content\/uploads\/2024\/02\/catherine_ouvrage-lumineux-557x1024.jpg"}],"twitter_card":"summary_large_image","twitter_misc":{"Gesch\u00e4tzte Lesezeit":"1 Minute"},"schema":{"@context":"https:\/\/schema.org","@graph":[{"@type":"WebPage","@id":"https:\/\/ouvragelumineux.ch\/de\/wer-bin-ich\/","url":"https:\/\/ouvragelumineux.ch\/de\/wer-bin-ich\/","name":"Wer bin ich ? - Ouvrage Lumineux","isPartOf":{"@id":"https:\/\/ouvragelumineux.ch\/de\/#website"},"primaryImageOfPage":{"@id":"https:\/\/ouvragelumineux.ch\/de\/wer-bin-ich\/#primaryimage"},"image":{"@id":"https:\/\/ouvragelumineux.ch\/de\/wer-bin-ich\/#primaryimage"},"thumbnailUrl":"https:\/\/ouvragelumineux.ch\/wp-content\/uploads\/2024\/02\/catherine_ouvrage-lumineux-557x1024.jpg","datePublished":"2020-02-24T12:15:27+00:00","dateModified":"2024-02-26T13:14:24+00:00","breadcrumb":{"@id":"https:\/\/ouvragelumineux.ch\/de\/wer-bin-ich\/#breadcrumb"},"inLanguage":"de","potentialAction":[{"@type":"ReadAction","target":["https:\/\/ouvragelumineux.ch\/de\/wer-bin-ich\/"]}]},{"@type":"ImageObject","inLanguage":"de","@id":"https:\/\/ouvragelumineux.ch\/de\/wer-bin-ich\/#primaryimage","url":"https:\/\/ouvragelumineux.ch\/wp-content\/uploads\/2024\/02\/catherine_ouvrage-lumineux.jpg","contentUrl":"https:\/\/ouvragelumineux.ch\/wp-content\/uploads\/2024\/02\/catherine_ouvrage-lumineux.jpg","width":696,"height":1280,"caption":"Catherine"},{"@type":"BreadcrumbList","@id":"https:\/\/ouvragelumineux.ch\/de\/wer-bin-ich\/#breadcrumb","itemListElement":[{"@type":"ListItem","position":1,"name":"Accueil","item":"https:\/\/ouvragelumineux.ch\/de\/"},{"@type":"ListItem","position":2,"name":"Wer bin ich ?"}]},{"@type":"WebSite","@id":"https:\/\/ouvragelumineux.ch\/de\/#website","url":"https:\/\/ouvragelumineux.ch\/de\/","name":"Ouvrage Lumineux","description":"Boutique de cr\u00e9atrices et couture z\u00e9ro d\u00e9chet","publisher":{"@id":"https:\/\/ouvragelumineux.ch\/de\/#organization"},"potentialAction":[{"@type":"SearchAction","target":{"@type":"EntryPoint","urlTemplate":"https:\/\/ouvragelumineux.ch\/de\/?s={search_term_string}"},"query-input":"required name=search_term_string"}],"inLanguage":"de"},{"@type":"Organization","@id":"https:\/\/ouvragelumineux.ch\/de\/#organization","name":"De lettres en lettres","url":"https:\/\/ouvragelumineux.ch\/de\/","logo":{"@type":"ImageObject","inLanguage":"de","@id":"https:\/\/ouvragelumineux.ch\/de\/#\/schema\/logo\/image\/","url":"https:\/\/ouvragelumineux.ch\/wp-content\/uploads\/2018\/11\/logo_de_lettres_en_lettres.png","contentUrl":"https:\/\/ouvragelumineux.ch\/wp-content\/uploads\/2018\/11\/logo_de_lettres_en_lettres.png","width":482,"height":482,"caption":"De lettres en lettres"},"image":{"@id":"https:\/\/ouvragelumineux.ch\/de\/#\/schema\/logo\/image\/"}}]}},"publishpress_future_action":{"enabled":false,"date":"2026-05-07 04:29:25","action":"change-status","newStatus":"draft","terms":[],"taxonomy":"translation_priority"},"_links":{"self":[{"href":"https:\/\/ouvragelumineux.ch\/de\/wp-json\/wp\/v2\/pages\/10176","targetHints":{"allow":["GET"]}}],"collection":[{"href":"https:\/\/ouvragelumineux.ch\/de\/wp-json\/wp\/v2\/pages"}],"about":[{"href":"https:\/\/ouvragelumineux.ch\/de\/wp-json\/wp\/v2\/types\/page"}],"author":[{"embeddable":true,"href":"https:\/\/ouvragelumineux.ch\/de\/wp-json\/wp\/v2\/users\/1"}],"replies":[{"embeddable":true,"href":"https:\/\/ouvragelumineux.ch\/de\/wp-json\/wp\/v2\/comments?post=10176"}],"version-history":[{"count":6,"href":"https:\/\/ouvragelumineux.ch\/de\/wp-json\/wp\/v2\/pages\/10176\/revisions"}],"predecessor-version":[{"id":171183,"href":"https:\/\/ouvragelumineux.ch\/de\/wp-json\/wp\/v2\/pages\/10176\/revisions\/171183"}],"wp:attachment":[{"href":"https:\/\/ouvragelumineux.ch\/de\/wp-json\/wp\/v2\/media?parent=10176"}],"curies":[{"name":"wp","href":"https:\/\/api.w.org\/{rel}","templated":true}]}}